{"id":769,"date":"2018-08-31T16:17:45","date_gmt":"2018-08-31T19:17:45","guid":{"rendered":"https:\/\/isp4c-sfe.infd.edu.ar\/sitio\/historia\/"},"modified":"2020-03-27T19:08:43","modified_gmt":"2020-03-27T22:08:43","slug":"historia","status":"publish","type":"page","link":"https:\/\/isp4c-sfe.infd.edu.ar\/sitio\/historia\/","title":{"rendered":"Historia"},"content":{"rendered":"<p><strong><em>Nuestra historia y nuestro presente&#8230;<\/em><\/strong><\/p>\n<p><em>Este instituto\u00a0 surge\u00a0 el 8 de abril de 1991 (Disposici\u00f3n Ministerial N\u00ba 39\/91).\u00a0\u00a0Es un instituto de Educaci\u00f3n Superior p\u00fablico\u00a0 y de acceso gratuito.\u00a0<\/em><\/p>\n<p><em>Est\u00e1 ubicado en Calchaqu\u00ed, departamento Vera. En esta ciudad, de aproximadamente 15000 habitantes, la actividad agr\u00edcola-ganadera es la base de su econom\u00eda, tambi\u00e9n hay algunas peque\u00f1as industrias y numerosos comercios. <\/em><\/p>\n<p><em>Forma parte durante 28 a\u00f1os\u00a0 de la estructura org\u00e1nica del Instituto Superior de Profesorado N\u00ba 4 de la ciudad de Reconquista.\u00a0<\/em><\/p>\n<p><em>Su personal jer\u00e1rquico y administrativo brinda un constante asesoramiento y acompa\u00f1amiento. No obstante la relaci\u00f3n de dependencia, cont\u00f3 siempre con autonom\u00eda de gesti\u00f3n lo que permiti\u00f3 dar respuestas a las necesidades propias de la realidad institucional.<\/em><\/p>\n<p><em>Su\u00a0 origen se fund\u00f3 en la necesidad social y cultural de responder a las demandas de los\u00a0 egresados de escuelas de nivel medio que deseaban continuar estudios superiores pero, debido a la distancia de los centros pedag\u00f3gicos, se ve\u00edan imposibilitados de lograrlo.<\/em><\/p>\n<p><em>Recibe alumnos de la ciudad de Calchaqu\u00ed y de\u00a0 las localidades vecinas como\u00a0 Gobernador Crespo, La Criolla, Vera y Pintado, Malabrigo, Pedro G\u00f3mez Cello, La Gallareta , Vera, San Justo, Colonia Dolores, Alejandra, San Javier\u00a0 \u00a0y Margarita.\u00a0\u00a0<\/em><\/p>\n<p><em>Hasta el a\u00f1o 2005 s\u00f3lo ofrec\u00eda como \u00fanica carrera el Profesorado de Nivel Primario\u00a0 (Plan Dcto. Nro. 830\/86) hasta el a\u00f1o 1998, el\u00a0 Profesorado de EGB 1 y 2 (Plan Dcto. Nro. 1142\/98) hasta el a\u00f1o 2001 y el Profesorado de 1\u00ba y 2\u00ba ciclos de la E.G.B (Plan 564\/02).\u00a0 A partir del a\u00f1o 2009 se implement\u00f3 el nuevo plan de estudios: Profesorado de Educaci\u00f3n Primaria (Plan 528\/09) con cuatro a\u00f1os de duraci\u00f3n.<\/em><\/p>\n<p><em>Manteniendo sus objetivos de creaci\u00f3n, se ampl\u00eda la oferta educativa en este instituto, en el a\u00f1o 2006, incorporando una nueva carrera\u00a0T\u00e9cnico Superior en Comercializaci\u00f3n y Administraci\u00f3n de Empresas (Plan Dcto. N\u00ba 2563\/98).\u00a0<\/em><\/p>\n<ul>\n<li><em>Para definirla se tuvo en cuenta:<\/em><\/li>\n<li><em>La realidad socio-econ\u00f3mica de la zona.<\/em><\/li>\n<li><em>Los resultados del relevamiento diagn\u00f3stico realizado por la instituci\u00f3n.<\/em><\/li>\n<li><em>Los lineamientos de la pol\u00edtica provincial y local favorable al crecimiento econ\u00f3mico.<\/em><\/li>\n<li><em>El objetivo general del Plan estrat\u00e9gico de la Asociaci\u00f3n para el Desarrollo del Departamento Vera.<\/em><\/li>\n<\/ul>\n<p><em>Esta carrera en el a\u00f1o 2016 es reemplazada por la carrera Tecnicatura Superior en Gesti\u00f3n de las Organizaciones Plan 378\/16.\u00a0<\/em><\/p>\n<p><em>En el a\u00f1o 2017,\u00a0se agrega otra oferta de formaci\u00f3n docente\u00a0 de gran relevancia: el\u00a0 Profesorado de Educaci\u00f3n Secundaria en Biolog\u00eda Plan 2090\/15.\u00a0<\/em><\/p>\n<p><em>\u00c9sto se logra en base a un trabajo intenso en el territorio de las diversas necesidades formativas de las j\u00f3venes de la regi\u00f3n, \u00a0iniciado en 2015,\u00a0 seguido de la\u00a0 tabulaci\u00f3n de los datos obtenidos a trav\u00e9s de encuestas a instituciones, empresas, directivos, alumnos de escuelas secundarias, sondeo de opiniones.<\/em><\/p>\n<p><em>A trav\u00e9s de un proyecto, se plasmaron las\u00a0 necesidades formativas que aseguraran y pusieran\u00a0 de relieve la importancia de fortalecer la Educaci\u00f3n Superior y brindar de esta manera oportunidades equitativas para todos. Es as\u00ed que fue posible la apertura de esta nueva carrera.<\/em><\/p>\n<p><em>Desde el momento de la creaci\u00f3n este instituto funciona en el local de la Escuela N\u00b0 448, que resulta apto para el desarrollo de las actividades pedag\u00f3gicas y administrativas. Comparte, adem\u00e1s, el espacio con cinco instituciones de diferentes niveles, gener\u00e1ndose importantes\u00a0 posibilidades\u00a0 de comunicaci\u00f3n que enriquecen el trabajo institucional.\u00a0 En el a\u00f1o 2007, la direcci\u00f3n de la Escuela Prov. N\u00b0 448\u00a0 cedi\u00f3 un aula de uso propio para organizar el Laboratorio Inform\u00e1tico y Comunicacional, sede del material pedag\u00f3gico adquirido a trav\u00e9s de los proyectos de mejora institucional del INET e INFOD.<\/em><\/p>\n<p><em>\u00a0<\/em><em>Sin embargo, debido a la incorporaci\u00f3n de nuevas carreras y al aumento exponencial de la matr\u00edcula en estos \u00faltimos a\u00f1os,\u00a0 \u00a0es una preocupaci\u00f3n institucional contar con un espacio propio que, a la vez que posibilite el funcionamiento aut\u00f3nomo e independiente, se abra a la comunidad sin ning\u00fan obst\u00e1culo. Esto significa que, a pesar de contar con el apoyo incondicional de las dem\u00e1s instituciones que comparten el edificio, la superposici\u00f3n de horarios y actividades, el permanente circular de numerosos alumnos (en el d\u00eda circulan aproximadamente 1.500 personas) entorpecen la tarea del Instituto. En el a\u00f1o 2019, el primer a\u00f1o de la Tec. Sup. en Gesti\u00f3n de las Organizaciones comienza a funcionar en las aulas anexas de la Esc. Primaria N\u00b0 6117.\u00a0<\/em><\/p>\n<p><em>Los cursos de acci\u00f3n institucional aspiran a establecer v\u00ednculos estrechos con\u00a0 la comunidad de Calchaqu\u00ed, a fin de realizar aportes significativos y dar respuestas a las demandas que le plantean instituciones y autoridades. Las acciones est\u00e1n centradas en la elaboraci\u00f3n y concreci\u00f3n conjunta de proyectos y actividades culturales\u00a0 de diferente tipo. El acrecentamiento a\u00f1o a a\u00f1o de las mismas solidifica las redes inter-institucionales, a trav\u00e9s de las cuales se organizan eventos abiertos a toda la comunidad: jornadas culturales, charlas, con la finalidad de contribuir al desarrollo socio-cultural y econ\u00f3mico de la zona.<\/em><\/p>\n<p><em>Por gestiones realizadas ante el Ministerio de Educaci\u00f3n, se dispone desde el a\u00f1o 2009\u00a0 de un terreno, con una excelente ubicaci\u00f3n, pero no se cuenta con fondos necesarios para construir el edificio, ese <strong>es nuestro gran objetivo que pensamos concretar a futuro<\/strong>. <\/em><\/p>\n<p><em>La idea de edificarlo, gira en torno no s\u00f3lo de disponer de espacios para el desarrollo de las clases, sino tambi\u00e9n de ofrecer a la ciudad un gran espacio para concretar exposiciones de arte, muestras culturales, ferias de libros, charlas, jornadas y cursos de capacitaci\u00f3n, actividades\u00a0 que muchas veces no pueden concretarse por falta de espacios adecuados.<\/em><\/p>\n<p><em>Esto se fundamenta en entender la capacitaci\u00f3n\u00a0 de los futuros profesionales desde una visi\u00f3n amplia, es decir formar j\u00f3venes\u00a0 con competencias para acceder a un buen\u00a0 trabajo,\u00a0 pero que, adem\u00e1s, sean ciudadanos cr\u00edticos y creativos; que usen sus conocimientos para comprender las\u00a0 problem\u00e1ticas de su realidad y las posibilidades que tiene para afrontarlas. Es decir j\u00f3venes con capacidad de emprender y hacer.<\/em><\/p>\n<p><em>\u00a0<\/em><em>Por decreto 3797\/19, el 29 de Noviembre de 2019, el Anexo se independiza y pasa a ser Instituto Superior de Profesorado N\u00b0 66. En la actualidad, estamos fortaleciendo nuestros primeros pasos como instituci\u00f3n independiente.\u00a0<\/em><\/p>\n<p><em>Se presenta como desaf\u00edo el re pensarnos y definirnos como una nueva instituci\u00f3n, sin perder lo transitado y proyectado durante estos \u00faltimos 28 a\u00f1os.\u00a0<\/em><\/p>\n<p>&nbsp;<\/p>\n<p>&nbsp;<\/p>\n<p>&nbsp;<\/p>\n<p>&nbsp;<\/p>\n<p>&nbsp;<\/p>\n<p>&nbsp;<\/p>\n<p>&nbsp;<\/p>\n<p>&nbsp;<\/p>\n<p>&nbsp;<\/p>\n","protected":false},"excerpt":{"rendered":"<p>Nuestra historia y nuestro presente&#8230; Este instituto\u00a0 surge\u00a0 el 8 de abril de 1991 (Disposici\u00f3n Ministerial N\u00ba 39\/91).\u00a0\u00a0Es un instituto de Educaci\u00f3n Superior p\u00fablico\u00a0 y de acceso gratuito.\u00a0 Est\u00e1 ubicado en Calchaqu\u00ed, departamento Vera. En esta ciudad, de aproximadamente 15000 habitantes, la actividad agr\u00edcola-ganadera es la base de su econom\u00eda, tambi\u00e9n hay algunas peque\u00f1as industrias &#8230; <a title=\"Historia\" class=\"read-more\" href=\"https:\/\/isp4c-sfe.infd.edu.ar\/sitio\/historia\/\" aria-label=\"More on Historia\">[+]<\/a><\/p>\n","protected":false},"author":55,"featured_media":0,"parent":0,"menu_order":0,"comment_status":"closed","ping_status":"closed","template":"","meta":[],"acf":[],"_links":{"self":[{"href":"https:\/\/isp4c-sfe.infd.edu.ar\/sitio\/wp-json\/wp\/v2\/pages\/769"}],"collection":[{"href":"https:\/\/isp4c-sfe.infd.edu.ar\/sitio\/wp-json\/wp\/v2\/pages"}],"about":[{"href":"https:\/\/isp4c-sfe.infd.edu.ar\/sitio\/wp-json\/wp\/v2\/types\/page"}],"author":[{"embeddable":true,"href":"https:\/\/isp4c-sfe.infd.edu.ar\/sitio\/wp-json\/wp\/v2\/users\/55"}],"replies":[{"embeddable":true,"href":"https:\/\/isp4c-sfe.infd.edu.ar\/sitio\/wp-json\/wp\/v2\/comments?post=769"}],"version-history":[{"count":4,"href":"https:\/\/isp4c-sfe.infd.edu.ar\/sitio\/wp-json\/wp\/v2\/pages\/769\/revisions"}],"predecessor-version":[{"id":812,"href":"https:\/\/isp4c-sfe.infd.edu.ar\/sitio\/wp-json\/wp\/v2\/pages\/769\/revisions\/812"}],"wp:attachment":[{"href":"https:\/\/isp4c-sfe.infd.edu.ar\/sitio\/wp-json\/wp\/v2\/media?parent=769"}],"curies":[{"name":"wp","href":"https:\/\/api.w.org\/{rel}","templated":true}]}}