{"id":779,"date":"2018-08-31T16:17:50","date_gmt":"2018-08-31T19:17:50","guid":{"rendered":"https:\/\/isp4c-sfe.infd.edu.ar\/sitio\/profesorado-de-primer-y-segundo-ciclo-de-la-egb\/"},"modified":"2020-11-21T10:09:00","modified_gmt":"2020-11-21T13:09:00","slug":"profesorado-biologia","status":"publish","type":"page","link":"https:\/\/isp4c-sfe.infd.edu.ar\/sitio\/profesorado-biologia\/","title":{"rendered":"Profesorado de Educaci\u00f3n Secundaria en Biolog\u00eda"},"content":{"rendered":"<div style=\"text-align: center;\">\n<p><span style=\"font-family: Arial; color: #cc6600; font-size: 12pt;\"><strong><span style=\"text-decoration: underline;\">Descripci\u00f3n<\/span><\/strong><\/span><\/p>\n<div style=\"text-align: justify;\"><span style=\"font-size: 10pt;\"><span style=\"font-family: verdana,geneva;\">El Profesorado de Educaci\u00f3n Secundaria en Biolog\u00eda\u00a0 se propone <span lang=\"ES\" style=\"mso-bidi-font-size: 12.0pt;\">formar futuros profesores con:<\/span> <\/span><\/span><\/div>\n<div style=\"text-align: justify;\">\n<ul>\n<li>\n<div class=\"MsoNormal\" style=\"text-align: justify; margin: 0cm 0cm 0pt;\"><span lang=\"ES\" style=\"font-size: 10pt; mso-bidi-font-size: 12.0pt;\"><span style=\"font-family: verdana,geneva;\"><span style=\"font-size: 10pt;\">pasi\u00f3n en la tarea de ense\u00f1ar suscitando el deseo de aprender; <\/span><\/span><\/span><\/div>\n<\/li>\n<li>\n<div class=\"MsoNormal\" style=\"text-align: justify; margin: 0cm 0cm 0pt;\"><span lang=\"ES\" style=\"font-size: 10pt; mso-bidi-font-size: 12.0pt;\"><span style=\"font-family: verdana,geneva;\"><span style=\"font-size: 10pt;\">actitud general de responsabilidad y compromiso para plantear y analizar problemas relativos a la ense\u00f1anza y a la organizaci\u00f3n escolar; <\/span><\/span><\/span><\/div>\n<\/li>\n<li>\n<div class=\"MsoNormal\" style=\"text-align: justify; margin: 0cm 0cm 0pt;\"><span lang=\"ES\" style=\"font-size: 10pt; mso-bidi-font-size: 12.0pt;\"><span style=\"font-family: verdana,geneva;\"><span style=\"font-size: 10pt;\">disposici\u00f3n a establecer relaciones de conocimiento en sus estudiantes que se aproximen a la recreaci\u00f3n del saber y no a la mera acumulaci\u00f3n o posesi\u00f3n;<\/span><\/span><\/span><\/div>\n<\/li>\n<li>\n<div class=\"MsoNormal\" style=\"text-align: justify; margin: 0cm 0cm 0pt;\"><span lang=\"ES\" style=\"font-size: 10pt; mso-bidi-font-size: 12.0pt;\"><span style=\"font-family: verdana,geneva;\"><span style=\"font-size: 10pt;\">capacidad cr\u00edtica y conciencia \u00e9tica;<\/span><\/span><\/span><\/div>\n<\/li>\n<li>\n<div class=\"MsoNormal\" style=\"text-align: justify; margin: 0cm 0cm 0pt;\"><span lang=\"ES\" style=\"font-size: 10pt; mso-bidi-font-size: 12.0pt;\"><span style=\"font-family: verdana,geneva;\"><span style=\"font-size: 10pt;\">capacidad de asumir una actitud cr\u00edtica frente a la pr\u00e1ctica docente que contribuya a la calidad de la ense\u00f1anza;\u00a0<\/span><\/span><\/span><\/div>\n<\/li>\n<li>\n<div class=\"MsoNormal\" style=\"text-align: justify; margin: 0cm 0cm 0pt;\"><span lang=\"ES\" style=\"font-size: 10pt; mso-bidi-font-size: 12.0pt;\"><span style=\"font-family: verdana,geneva;\"><span style=\"font-size: 10pt;\">flexibilidad para desempe\u00f1arse en<span style=\"mso-spacerun: yes;\">\u00a0 <\/span>distintas realidades educativas;<\/span><\/span><\/span><\/div>\n<\/li>\n<li>\n<div class=\"MsoNormal\" style=\"text-align: justify; margin: 0cm 0cm 0pt;\"><span lang=\"ES\" style=\"font-size: 10pt; mso-bidi-font-size: 12.0pt;\"><span style=\"font-family: verdana,geneva;\"><span style=\"font-size: 10pt;\">conciencia del valor social del rol docente, fundamentalmente en lo que ata\u00f1e a la formaci\u00f3n de futuros ciudadanos;<\/span><\/span><\/span><\/div>\n<\/li>\n<li>\n<div class=\"MsoNormal\" style=\"text-align: justify; margin: 0cm 0cm 0pt;\"><span lang=\"ES\" style=\"font-size: 10pt; mso-bidi-font-size: 12.0pt;\"><span style=\"font-family: verdana,geneva;\"><span style=\"font-size: 10pt;\">capacidad para atender las demandas de diversidad educativa;<\/span><\/span><\/span><\/div>\n<\/li>\n<li>\n<div class=\"MsoNormal\" style=\"text-align: justify; margin: 0cm 0cm 0pt;\"><span lang=\"ES\" style=\"font-size: 10pt; mso-bidi-font-size: 12.0pt;\"><span style=\"font-family: verdana,geneva;\"><span style=\"font-size: 10pt;\">conocimientos en investigaci\u00f3n y gesti\u00f3n educativa; <\/span><\/span><\/span><\/div>\n<\/li>\n<li>\n<div class=\"MsoNormal\" style=\"text-align: justify; margin: 0cm 0cm 0pt;\"><span lang=\"ES\" style=\"font-size: 10pt; mso-bidi-font-size: 12.0pt;\"><span style=\"font-family: verdana,geneva;\"><span style=\"font-size: 10pt;\">competencias para intervenir como intelectuales cr\u00edticos en el espacio p\u00fablico;<\/span><\/span><\/span><\/div>\n<\/li>\n<li>\n<div class=\"MsoNormal\" style=\"text-align: justify; margin: 0cm 0cm 0pt;\"><span lang=\"ES\" style=\"font-size: 10pt; mso-bidi-font-size: 12.0pt;\"><span style=\"font-family: verdana,geneva;\"><span style=\"font-size: 10pt;\">capacidad para conformar redes de trabajo entre colegas de la propia instituci\u00f3n ,\u00a0 de otras instituciones y con organizaciones u otras instituciones de la comunidad, incursionando en las nuevas formas de lo colectivo, y sosteniendo en la pr\u00e1ctica cotidiana el arte de vivir con otros;<\/span><\/span><\/span><\/div>\n<\/li>\n<li>\n<div class=\"MsoNormal\" style=\"text-align: justify; margin: 0cm 0cm 0pt;\"><span lang=\"ES\" style=\"font-size: 10pt; mso-bidi-font-size: 12.0pt;\"><span style=\"font-family: verdana,geneva;\"><span style=\"font-size: 10pt;\">respeto por las diversas identidades y por las diferencias personales, interculturales y de g\u00e9nero, proponiendo el di\u00e1logo como estrategia de trabajo pedag\u00f3gico; <\/span><\/span><\/span><\/div>\n<\/li>\n<li>\n<div class=\"MsoNormal\" style=\"text-align: justify; margin: 0cm 0cm 0pt;\"><span lang=\"ES\" style=\"font-size: 10pt; mso-bidi-font-size: 12.0pt;\"><span style=\"font-family: verdana,geneva;\"><span style=\"font-size: 10pt;\">reconocimiento de las Ciencias Naturales y la Biolog\u00eda en particular, como construcciones culturales con profundas ra\u00edces human\u00edsticas y\u00a0 sociales , que ocurren en contextos hist\u00f3ricos concretos; <\/span><\/span><\/span><\/div>\n<\/li>\n<li>\n<div class=\"MsoNormal\" style=\"text-align: justify; margin: 0cm 0cm 0pt;\">\n<p><span lang=\"ES\" style=\"font-size: 10pt; mso-bidi-font-size: 12.0pt;\"><span style=\"font-family: verdana,geneva;\"><span style=\"font-size: 10pt;\">con intervenci\u00f3n y participaci\u00f3n en las problem\u00e1ticas relacionadas con la Biolog\u00eda, reflexionando en forma cr\u00edtica y anticipando los posibles impactos a nivel personal, social, econ\u00f3mico, sanitario y ambiental<\/span><\/span><\/span><\/p>\n<\/div>\n<\/li>\n<\/ul>\n<\/div>\n<div class=\"MsoNormal\" style=\"text-align: justify;\"><span style=\"font-family: verdana,geneva;\"><span style=\"font-size: 10pt;\"><span lang=\"ES-MX\">E<\/span><span lang=\"ES\">l intercambio de ideas, el di\u00e1logo permanente,<span style=\"mso-spacerun: yes;\">\u00a0 <\/span>y el trabajo grupal son los pilares de toda la labor que en esta instituci\u00f3n se realiza. Ello favorece la planificaci\u00f3n y concreci\u00f3n de proyectos interinstitucionales que surgen como respuestas a las necesidades emergentes.<\/span><\/span><\/span><\/div>\n<div style=\"text-align: justify;\"><span lang=\"ES\"><span style=\"mso-tab-count: 1;\"><span style=\"font-family: verdana,geneva;\"><span style=\"font-size: 10pt;\">\u00a0\u00a0\u00a0\u00a0\u00a0\u00a0\u00a0\u00a0\u00a0\u00a0\u00a0\u00a0<\/span><\/span><\/span><\/span><\/div>\n<div style=\"text-align: justify;\"><span style=\"font-family: verdana,geneva;\"><span style=\"font-size: 10pt;\"><span style=\"font-family: Arial; color: #cc6600; font-size: 12pt;\"><strong><span style=\"text-decoration: underline;\">\u00a0<\/span><\/strong><\/span><\/span><\/span><\/div>\n<ul>\n<li>\n<h5 style=\"text-align: justify;\"><span style=\"font-family: verdana,geneva;\"><span style=\"font-size: 10pt;\"><span style=\"font-family: Arial; color: #cc6600; font-size: 12pt;\"><strong><span style=\"text-decoration: underline;\"><a title=\"Plan de estudios\" href=\"index.cgi?wid_item=6&amp;wid_seccion=3\">Plan de Estudios<\/a><\/span><\/strong><\/span><\/span><\/span><\/h5>\n<\/li>\n<li>\n<h5 style=\"text-align: justify;\"><span style=\"font-family: verdana,geneva;\"><span style=\"font-size: 10pt;\"><span style=\"font-family: Arial; color: #cc6600; font-size: 12pt;\"><strong><span style=\"text-decoration: underline;\"><a title=\"Plan de estudios\" href=\"https:\/\/isp4c-sfe.infd.edu.ar\/sitio\/diseno-curricular-prof-biologia\/\">Dise\u00f1o curricular<\/a><\/span><\/strong><\/span><\/span><\/span><\/h5>\n<\/li>\n<li>\n<h5 style=\"text-align: justify;\"><span style=\"font-family: verdana,geneva;\"><span style=\"font-size: 10pt;\"><span style=\"font-family: Arial; color: #cc6600; font-size: 12pt;\"><strong><span style=\"text-decoration: underline;\"><a title=\"Plan de estudios\" href=\"https:\/\/isp4c-sfe.infd.edu.ar\/sitio\/regimen-academico-marco\/\">R\u00e9gimen Acad\u00e9mico Marco<\/a><\/span><\/strong><\/span><\/span><\/span><\/h5>\n<\/li>\n<li>\n<h5 style=\"text-align: justify;\"><span style=\"font-family: verdana,geneva;\"><span style=\"font-size: 10pt;\"><span style=\"font-family: Arial; color: #cc6600; font-size: 12pt;\"><strong><span style=\"text-decoration: underline;\"><a title=\"Pedido de Informaci\u00f3n\" href=\"index.cgi?wid_form=1&amp;wid_item=15&amp;wid_seccion=3\">Pedido de Informaci\u00f3n <\/a><\/span><\/strong><\/span><\/span><\/span><\/h5>\n<\/li>\n<li>\n<h5 style=\"text-align: justify;\"><span style=\"font-family: verdana,geneva;\"><span style=\"font-size: 10pt;\"><span style=\"font-family: Arial; color: #cc6600; font-size: 12pt;\"><strong><span style=\"text-decoration: underline;\"><a title=\"Solicitud de Preinscripci\u00f3n\" href=\"index.cgi?wid_form=1&amp;wid_item=17&amp;wid_seccion=3\">Solicitud de Preinscripci\u00f3n<\/a><\/span><\/strong><\/span><\/span><\/span><\/h5>\n<\/li>\n<\/ul>\n<p style=\"text-align: center;\"><strong><em><a title=\"Carreras\" href=\"index.cgi?wid_seccion=17\">Volver al inicio<\/a><\/em><\/strong><\/p>\n<\/div>\n","protected":false},"excerpt":{"rendered":"<p>Descripci\u00f3n El Profesorado de Educaci\u00f3n Secundaria en Biolog\u00eda\u00a0 se propone formar futuros profesores con: pasi\u00f3n en la tarea de ense\u00f1ar suscitando el deseo de aprender; actitud general de responsabilidad y compromiso para plantear y analizar problemas relativos a la ense\u00f1anza y a la organizaci\u00f3n escolar; disposici\u00f3n a establecer relaciones de conocimiento en sus estudiantes que &#8230; <a title=\"Profesorado de Educaci\u00f3n Secundaria en Biolog\u00eda\" class=\"read-more\" href=\"https:\/\/isp4c-sfe.infd.edu.ar\/sitio\/profesorado-biologia\/\" aria-label=\"More on Profesorado de Educaci\u00f3n Secundaria en Biolog\u00eda\">[+]<\/a><\/p>\n","protected":false},"author":55,"featured_media":0,"parent":0,"menu_order":0,"comment_status":"closed","ping_status":"closed","template":"","meta":[],"acf":[],"_links":{"self":[{"href":"https:\/\/isp4c-sfe.infd.edu.ar\/sitio\/wp-json\/wp\/v2\/pages\/779"}],"collection":[{"href":"https:\/\/isp4c-sfe.infd.edu.ar\/sitio\/wp-json\/wp\/v2\/pages"}],"about":[{"href":"https:\/\/isp4c-sfe.infd.edu.ar\/sitio\/wp-json\/wp\/v2\/types\/page"}],"author":[{"embeddable":true,"href":"https:\/\/isp4c-sfe.infd.edu.ar\/sitio\/wp-json\/wp\/v2\/users\/55"}],"replies":[{"embeddable":true,"href":"https:\/\/isp4c-sfe.infd.edu.ar\/sitio\/wp-json\/wp\/v2\/comments?post=779"}],"version-history":[{"count":3,"href":"https:\/\/isp4c-sfe.infd.edu.ar\/sitio\/wp-json\/wp\/v2\/pages\/779\/revisions"}],"predecessor-version":[{"id":852,"href":"https:\/\/isp4c-sfe.infd.edu.ar\/sitio\/wp-json\/wp\/v2\/pages\/779\/revisions\/852"}],"wp:attachment":[{"href":"https:\/\/isp4c-sfe.infd.edu.ar\/sitio\/wp-json\/wp\/v2\/media?parent=779"}],"curies":[{"name":"wp","href":"https:\/\/api.w.org\/{rel}","templated":true}]}}